{"id":49,"date":"2020-08-28T17:41:58","date_gmt":"2020-08-28T15:41:58","guid":{"rendered":"http:\/\/www.neige-locations.fr\/?page_id=49"},"modified":"2022-03-16T17:00:42","modified_gmt":"2022-03-16T16:00:42","slug":"le-grenier-du-tovet","status":"publish","type":"page","link":"http:\/\/www.neige-locations.fr\/?page_id=49","title":{"rendered":"Le Grenier du Tovet"},"content":{"rendered":"\n<p><\/p>\n\n\n\n<figure class=\"wp-block-image size-large\"><img loading=\"lazy\" width=\"1920\" height=\"1440\" src=\"http:\/\/www.neige-locations.fr\/wp-content\/uploads\/2022\/01\/20211205_090413-2-1920x1440.jpg\" alt=\"\" class=\"wp-image-347\" srcset=\"http:\/\/www.neige-locations.fr\/wp-content\/uploads\/2022\/01\/20211205_090413-2-1920x1440.jpg 1920w, http:\/\/www.neige-locations.fr\/wp-content\/uploads\/2022\/01\/20211205_090413-2-1200x900.jpg 1200w, http:\/\/www.neige-locations.fr\/wp-content\/uploads\/2022\/01\/20211205_090413-2-768x576.jpg 768w, http:\/\/www.neige-locations.fr\/wp-content\/uploads\/2022\/01\/20211205_090413-2-1536x1152.jpg 1536w, http:\/\/www.neige-locations.fr\/wp-content\/uploads\/2022\/01\/20211205_090413-2-2048x1536.jpg 2048w\" sizes=\"(max-width: 1920px) 100vw, 1920px\" \/><\/figure>\n\n\n\n<p class=\"has-text-color\" style=\"color:#033e78\">Ce chalet est class\u00e9 *** meubl\u00e9 de tourisme et labellis\u00e9 4 Diamants par la station des Saisies. <\/p>\n\n\n\n<p class=\"has-text-color\" style=\"color:#033e78\">Le chalet a \u00e9t\u00e9 r\u00e9nov\u00e9 \u00e0 l&rsquo;automne 2021. Les photos d&rsquo;\u00e9t\u00e9 sont avant r\u00e9novation.<\/p>\n\n\n\n<div class=\"alignnormal\"><div id=\"metaslider-id-181\" style=\"width: 100%;\" class=\"ml-slider-3-94-0 metaslider metaslider-nivo metaslider-181 ml-slider ml-slider-lightbox-1-13-2 firelight-lightbox-2-3-11 ms-theme-default\" role=\"region\" aria-roledescription=\"Slideshow\" aria-label=\"Tovet-exterieur\">\n    <div id=\"metaslider_container_181\">\n        <div class='slider-wrapper theme-default'><div class='ribbon'><\/div><div id='metaslider_181' class='nivoSlider'><a href=\"http:\/\/www.neige-locations.fr\/wp-content\/uploads\/2020\/12\/Tovet-ext-1-scaled.jpg\" target=\"_self\" rel=\"lightbox[181]\"><img src=\"http:\/\/www.neige-locations.fr\/wp-content\/uploads\/2020\/12\/Tovet-ext-1-scaled-900x500.jpg\" height=\"500\" width=\"900\" data-caption=\"Un authentique Grenier Savoyard\" title=\"Tovet-ext-1\" alt=\"\" class=\"slider-181 slide-202\" \/><\/a><a href=\"http:\/\/www.neige-locations.fr\/wp-content\/uploads\/2022\/03\/le-Grenier-du-Tovet-1-scaled.jpg\" target=\"_self\" rel=\"lightbox[181]\"><img src=\"http:\/\/www.neige-locations.fr\/wp-content\/uploads\/2022\/03\/le-Grenier-du-Tovet-1-scaled-900x500.jpg\" height=\"500\" width=\"900\" title=\"le Grenier du Tovet (1)\" alt=\"\" class=\"slider-181 slide-205\" \/><\/a><a href=\"http:\/\/www.neige-locations.fr\/wp-content\/uploads\/2022\/03\/le-Grenier-du-Tovet-6-scaled.jpg\" target=\"_self\" rel=\"lightbox[181]\"><img src=\"http:\/\/www.neige-locations.fr\/wp-content\/uploads\/2022\/03\/le-Grenier-du-Tovet-6-scaled-900x500.jpg\" height=\"500\" width=\"900\" data-caption=\"Le Grenier du Tovet sous la neige\" title=\"le Grenier du Tovet (6)\" alt=\"\" class=\"slider-181 slide-392\" \/><\/a><a href=\"http:\/\/www.neige-locations.fr\/wp-content\/uploads\/2022\/04\/Le-Grenier-du-Tovet-33-scaled.jpg\" target=\"_self\" rel=\"lightbox[181]\"><img src=\"http:\/\/www.neige-locations.fr\/wp-content\/uploads\/2022\/04\/Le-Grenier-du-Tovet-33-scaled-900x500.jpg\" height=\"500\" width=\"900\" data-caption=\"Une terrasse ensoleill&eacute;e \" title=\"Le Grenier du Tovet (33)\" alt=\"\" class=\"slider-181 slide-403\" \/><\/a><a href=\"http:\/\/www.neige-locations.fr\/wp-content\/uploads\/2022\/04\/PHOTO-2022-03-28-22-23-54.jpg\" target=\"_self\" rel=\"lightbox[181]\"><img src=\"http:\/\/www.neige-locations.fr\/wp-content\/uploads\/2022\/04\/PHOTO-2022-03-28-22-23-54-900x500.jpg\" height=\"500\" width=\"900\" title=\"PHOTO-2022-03-28-22-23-54\" alt=\"\" class=\"slider-181 slide-410\" \/><\/a><a href=\"http:\/\/www.neige-locations.fr\/wp-content\/uploads\/2020\/12\/Tovet-ext-5-scaled.jpg\" target=\"_self\" rel=\"lightbox[181]\"><img src=\"http:\/\/www.neige-locations.fr\/wp-content\/uploads\/2020\/12\/Tovet-ext-5-scaled-900x500.jpg\" height=\"500\" width=\"900\" data-caption=\"Le Grenier du Tovet sous le soleil ( Avant r&eacute;novation)\" title=\"Tovet-ext-5\" alt=\"\" class=\"slider-181 slide-206\" \/><\/a><a href=\"http:\/\/www.neige-locations.fr\/wp-content\/uploads\/2020\/12\/Tovet-ext-3-scaled.jpg\" target=\"_self\" rel=\"lightbox[181]\"><img src=\"http:\/\/www.neige-locations.fr\/wp-content\/uploads\/2020\/12\/Tovet-ext-3-scaled-900x500.jpg\" height=\"500\" width=\"900\" data-caption=\"Une terrasse privative ( Avant r&eacute;novation)\" title=\"Tovet-ext-3\" alt=\"\" class=\"slider-181 slide-204\" \/><\/a><a href=\"http:\/\/www.neige-locations.fr\/wp-content\/uploads\/2020\/12\/Tovet-ext-2.jpg\" target=\"_self\" rel=\"lightbox[181]\"><img src=\"http:\/\/www.neige-locations.fr\/wp-content\/uploads\/2020\/12\/Tovet-ext-2-900x500.jpg\" height=\"500\" width=\"900\" data-caption=\"Une vue imprenable sur le Beaufortain\" title=\"Tovet-ext-2\" alt=\"\" class=\"slider-181 slide-203\" \/><\/a><\/div><\/div>\n        \n    <\/div>\n<\/div><\/div>\n\n\n\n<figure class=\"wp-block-pullquote\" style=\"border-color:#033e78\"><blockquote class=\"has-text-color\" style=\"color:#033e78\"><p>Le Chalet du Tovet est un authentique grenier de 1625. Nous l&rsquo;avons enti\u00e8rement r\u00e9nov\u00e9 dans le respect des mat\u00e9riaux pour accueillir 6 personnes. En 2022 nous avons effectu\u00e9 une nouvelle r\u00e9novation de <em>charme<\/em>.<\/p><\/blockquote><\/figure>\n\n\n\n<p class=\"has-text-color\" style=\"color:#033e78\">Son emplacement est id\u00e9al, \u00e0 seulement 2 minutes \u00e0 pieds du centre de la station et \u00e0 50 m\u00e8tres des pistes de ski!<\/p>\n\n\n\n<p class=\"has-text-color\" style=\"color:#033e78\">Son spa design fera p\u00e9tiller vos yeux !!!<\/p>\n\n\n\n<p class=\"has-text-color\" style=\"color:#033e78\"><strong>Le coin repas :<\/strong><\/p>\n\n\n\n<div class=\"alignnormal\"><div id=\"metaslider-id-230\" style=\"width: 100%;\" class=\"ml-slider-3-94-0 metaslider metaslider-nivo metaslider-230 ml-slider ml-slider-lightbox-1-13-2 firelight-lightbox-2-3-11 ms-theme-default\" role=\"region\" aria-roledescription=\"Slideshow\" aria-label=\"Tovet-jour\">\n    <div id=\"metaslider_container_230\">\n        <div class='slider-wrapper theme-default'><div class='ribbon'><\/div><div id='metaslider_230' class='nivoSlider'><a href=\"http:\/\/www.neige-locations.fr\/wp-content\/uploads\/2022\/01\/20211215_202043-scaled.jpg\" target=\"_self\" rel=\"lightbox[230]\"><img src=\"http:\/\/www.neige-locations.fr\/wp-content\/uploads\/2022\/01\/20211215_202043-scaled-900x500.jpg\" height=\"500\" width=\"900\" data-caption=\"&lt;div&gt;Un salon chaud et cocooning&lt;\/div&gt;\" title=\"20211215_202043\" alt=\"\" class=\"slider-230 slide-235\" \/><\/a><a href=\"http:\/\/www.neige-locations.fr\/wp-content\/uploads\/2022\/01\/20211215_202115-scaled.jpg\" target=\"_self\" rel=\"lightbox[230]\"><img src=\"http:\/\/www.neige-locations.fr\/wp-content\/uploads\/2022\/01\/20211215_202115-scaled-900x500.jpg\" height=\"500\" width=\"900\" data-caption=\"&lt;div&gt;beaucoup d&#039;espace et de chaleur !&lt;\/div&gt;\" title=\"20211215_202115\" alt=\"\" class=\"slider-230 slide-240\" \/><\/a><a href=\"http:\/\/www.neige-locations.fr\/wp-content\/uploads\/2022\/01\/20211215_202136-scaled.jpg\" target=\"_self\" rel=\"lightbox[230]\"><img src=\"http:\/\/www.neige-locations.fr\/wp-content\/uploads\/2022\/01\/20211215_202136-scaled-900x500.jpg\" height=\"500\" width=\"900\" data-caption=\"&lt;div&gt;Un coin repas authentique&lt;\/div&gt;\" title=\"20211215_202136\" alt=\"\" class=\"slider-230 slide-238\" \/><\/a><a href=\"http:\/\/www.neige-locations.fr\/wp-content\/uploads\/2022\/04\/le-Grenier-du-Tovet-21-scaled.jpg\" target=\"_self\" rel=\"lightbox[230]\"><img src=\"http:\/\/www.neige-locations.fr\/wp-content\/uploads\/2022\/04\/le-Grenier-du-Tovet-21-scaled-900x500.jpg\" height=\"500\" width=\"900\" title=\"le Grenier du Tovet (21)\" alt=\"\" class=\"slider-230 slide-406\" \/><\/a><a href=\"http:\/\/www.neige-locations.fr\/wp-content\/uploads\/2022\/01\/20211218_142800-2-scaled.jpg\" target=\"_self\" rel=\"lightbox[230]\"><img src=\"http:\/\/www.neige-locations.fr\/wp-content\/uploads\/2022\/01\/20211218_142800-2-scaled-900x500.jpg\" height=\"500\" width=\"900\" data-caption=\"&lt;div&gt;Un coin repas authentique&lt;\/div&gt;\" title=\"20211218_142800 (2)\" alt=\"\" class=\"slider-230 slide-239\" \/><\/a><a href=\"http:\/\/www.neige-locations.fr\/wp-content\/uploads\/2022\/01\/20211216_131120-3-scaled.jpg\" target=\"_self\" rel=\"lightbox[230]\"><img src=\"http:\/\/www.neige-locations.fr\/wp-content\/uploads\/2022\/01\/20211216_131120-3-scaled-900x500.jpg\" height=\"500\" width=\"900\" data-caption=\"&lt;div&gt;Une cuisine conviviale&lt;\/div&gt;\" title=\"20211216_131120 (3)\" alt=\"\" class=\"slider-230 slide-241\" \/><\/a><a href=\"http:\/\/www.neige-locations.fr\/wp-content\/uploads\/2025\/01\/20240106_193806-scaled.jpg\" target=\"_self\" rel=\"lightbox[230]\"><img src=\"http:\/\/www.neige-locations.fr\/wp-content\/uploads\/2025\/01\/20240106_193806-scaled-900x500.jpg\" height=\"500\" width=\"900\" data-caption=\"&lt;div&gt;Un Spa privatif attenant au Chalet pour vous d&amp;eacute;tendre&lt;\/div&gt;\" title=\"20240106_193806\" alt=\"\" class=\"slider-230 slide-236\" \/><\/a><a href=\"http:\/\/www.neige-locations.fr\/wp-content\/uploads\/2021\/01\/Tovet-jour-spa.jpg\" target=\"_self\" rel=\"lightbox[230]\"><img src=\"http:\/\/www.neige-locations.fr\/wp-content\/uploads\/2021\/01\/Tovet-jour-spa-900x500.jpg\" height=\"500\" width=\"900\" data-caption=\"&lt;div&gt;Un Spa privatif attenant au Chalet pour vous d&amp;eacute;tendre&lt;\/div&gt;\" title=\"Tovet-jour-spa\" alt=\"\" class=\"slider-230 slide-237\" \/><\/a><\/div><\/div>\n        \n    <\/div>\n<\/div><\/div>\n\n\n\n<p><\/p>\n\n\n\n<p class=\"has-text-color\" style=\"color:#033e78\"><strong>L&rsquo;espace nuit :<\/strong><\/p>\n\n\n\n<p class=\"has-text-color\" style=\"color:#033e78\">Le chalet dispose de 2 chambres avec lit double et 1 chambre avec 2 lits simples.<\/p>\n\n\n\n<div class=\"alignnormal\"><div id=\"metaslider-id-213\" style=\"width: 100%;\" class=\"ml-slider-3-94-0 metaslider metaslider-nivo metaslider-213 ml-slider ml-slider-lightbox-1-13-2 firelight-lightbox-2-3-11 ms-theme-default\" role=\"region\" aria-roledescription=\"Slideshow\" aria-label=\"Tovet-Nuit\">\n    <div id=\"metaslider_container_213\">\n        <div class='slider-wrapper theme-default'><div class='ribbon'><\/div><div id='metaslider_213' class='nivoSlider'><a href=\"http:\/\/www.neige-locations.fr\/wp-content\/uploads\/2022\/01\/20211215_203152-scaled.jpg\" target=\"_self\" rel=\"lightbox[213]\"><img src=\"http:\/\/www.neige-locations.fr\/wp-content\/uploads\/2022\/01\/20211215_203152-scaled-900x500.jpg\" height=\"500\" width=\"900\" data-caption=\"&lt;div&gt;Chambre &quot;Piste Noire&quot; : lit 2 personnes 140x190 avec petit coin et lavabo&lt;\/div&gt;\" title=\"20211215_203152\" alt=\"\" class=\"slider-213 slide-222\" \/><\/a><a href=\"http:\/\/www.neige-locations.fr\/wp-content\/uploads\/2022\/01\/20211215_202656-scaled.jpg\" target=\"_self\" rel=\"lightbox[213]\"><img src=\"http:\/\/www.neige-locations.fr\/wp-content\/uploads\/2022\/01\/20211215_202656-scaled-900x500.jpg\" height=\"500\" width=\"900\" data-caption=\"&lt;div&gt;Salle de bain privative atypique&lt;\/div&gt;\" title=\"20211215_202656\" alt=\"\" class=\"slider-213 slide-385\" \/><\/a><a href=\"http:\/\/www.neige-locations.fr\/wp-content\/uploads\/2025\/01\/20241220_172445-scaled.jpg\" target=\"_self\" rel=\"lightbox[213]\"><img src=\"http:\/\/www.neige-locations.fr\/wp-content\/uploads\/2025\/01\/20241220_172445-scaled-900x500.jpg\" height=\"500\" width=\"900\" data-caption=\"&lt;div&gt;Salle de bain privative atypique&lt;\/div&gt;\" title=\"20241220_172445\" alt=\"\" class=\"slider-213 slide-462\" \/><\/a><a href=\"http:\/\/www.neige-locations.fr\/wp-content\/uploads\/2021\/01\/Tovet-ch-marmotte.jpg\" target=\"_self\" rel=\"lightbox[213]\"><img src=\"http:\/\/www.neige-locations.fr\/wp-content\/uploads\/2021\/01\/Tovet-ch-marmotte-900x500.jpg\" height=\"500\" width=\"900\" data-caption=\"&lt;div&gt;Chambre &quot;Piste Rouge&quot; : lit 2 personnes 140x200&lt;\/div&gt;\" title=\"Tovet-ch-marmotte\" alt=\"\" class=\"slider-213 slide-221\" \/><\/a><a href=\"http:\/\/www.neige-locations.fr\/wp-content\/uploads\/2025\/01\/20241220_172841-scaled.jpg\" target=\"_self\" rel=\"lightbox[213]\"><img src=\"http:\/\/www.neige-locations.fr\/wp-content\/uploads\/2025\/01\/20241220_172841-scaled-900x500.jpg\" height=\"500\" width=\"900\" data-caption=\"&lt;div&gt;Chambre &quot;Piste Bleue&quot; : 2 lits 1 personne 90x190&lt;\/div&gt;\" title=\"20241220_172841\" alt=\"\" class=\"slider-213 slide-220\" \/><\/a><a href=\"http:\/\/www.neige-locations.fr\/wp-content\/uploads\/2025\/01\/20241220_173043-scaled.jpg\" target=\"_self\" rel=\"lightbox[213]\"><img src=\"http:\/\/www.neige-locations.fr\/wp-content\/uploads\/2025\/01\/20241220_173043-scaled-900x500.jpg\" height=\"500\" width=\"900\" data-caption=\"&lt;div&gt;Salle de bain &amp;eacute;quip&amp;eacute;e d&#039;une douche, d&#039;un meuble double vasque, d&#039;un lave-linge&lt;\/div&gt;\" title=\"20241220_173043\" alt=\"\" class=\"slider-213 slide-219\" \/><\/a><\/div><\/div>\n        \n    <\/div>\n<\/div><\/div>\n\n\n<p><strong>Disponibilit\u00e9s<\/strong><\/p>\n\n\n<figure class=\"wp-block-image size-large\"><img loading=\"lazy\" width=\"1440\" height=\"1920\" src=\"http:\/\/www.neige-locations.fr\/wp-content\/uploads\/2022\/01\/20211216_131326-1-1440x1920.jpg\" alt=\"\" class=\"wp-image-371\" srcset=\"http:\/\/www.neige-locations.fr\/wp-content\/uploads\/2022\/01\/20211216_131326-1-1440x1920.jpg 1440w, http:\/\/www.neige-locations.fr\/wp-content\/uploads\/2022\/01\/20211216_131326-1-900x1200.jpg 900w, http:\/\/www.neige-locations.fr\/wp-content\/uploads\/2022\/01\/20211216_131326-1-768x1024.jpg 768w, http:\/\/www.neige-locations.fr\/wp-content\/uploads\/2022\/01\/20211216_131326-1-1152x1536.jpg 1152w, http:\/\/www.neige-locations.fr\/wp-content\/uploads\/2022\/01\/20211216_131326-1-1536x2048.jpg 1536w, http:\/\/www.neige-locations.fr\/wp-content\/uploads\/2022\/01\/20211216_131326-1-scaled.jpg 1920w\" sizes=\"(max-width: 1440px) 100vw, 1440px\" \/><\/figure>\n\n\n\n<p><iframe loading=\"lazy\" frameborder=\"0\" height=\"408\" scrolling=\"auto\" src=\"http:\/\/www.marmotte-locations.com\/locations\/ml_frame.php?num_ref=ML-tp176\" style=\"margin-right: auto; margin-left: auto; display: block;\" width=\"657\"><\/iframe><\/p>\n","protected":false},"excerpt":{"rendered":"<p>Ce chalet est class\u00e9 *** meubl\u00e9 de tourisme et labellis\u00e9 4 Diamants par la station des Saisies. Le chalet a \u00e9t\u00e9 r\u00e9nov\u00e9 \u00e0 l&rsquo;automne 2021&#8230;.<\/p>\n","protected":false},"author":1,"featured_media":0,"parent":0,"menu_order":0,"comment_status":"closed","ping_status":"closed","template":"","meta":[],"yoast_head":"<!-- This site is optimized with the Yoast SEO plugin v18.4.1 - https:\/\/yoast.com\/wordpress\/plugins\/seo\/ -->\n<title>Le Grenier du Tovet - Neige-Locations<\/title>\n<meta name=\"robots\" content=\"index, follow, max-snippet:-1, max-image-preview:large, max-video-preview:-1\" \/>\n<link rel=\"canonical\" href=\"https:\/\/www.neige-locations.fr\/?page_id=49\" \/>\n<meta property=\"og:locale\" content=\"fr_FR\" \/>\n<meta property=\"og:type\" content=\"article\" \/>\n<meta property=\"og:title\" content=\"Le Grenier du Tovet - Neige-Locations\" \/>\n<meta property=\"og:description\" content=\"Ce chalet est class\u00e9 *** meubl\u00e9 de tourisme et labellis\u00e9 4 Diamants par la station des Saisies. Le chalet a \u00e9t\u00e9 r\u00e9nov\u00e9 \u00e0 l&rsquo;automne 2021....\" \/>\n<meta property=\"og:url\" content=\"https:\/\/www.neige-locations.fr\/?page_id=49\" \/>\n<meta property=\"og:site_name\" content=\"Neige-Locations\" \/>\n<meta property=\"article:modified_time\" content=\"2022-03-16T16:00:42+00:00\" \/>\n<meta property=\"og:image\" content=\"http:\/\/www.neige-locations.fr\/wp-content\/uploads\/2022\/01\/20211205_090413-2-1920x1440.jpg\" \/>\n<meta name=\"twitter:card\" content=\"summary_large_image\" \/>\n<meta name=\"twitter:label1\" content=\"Dur\u00e9e de lecture estim\u00e9e\" \/>\n\t<meta name=\"twitter:data1\" content=\"2 minutes\" \/>\n<script type=\"application\/ld+json\" class=\"yoast-schema-graph\">{\"@context\":\"https:\/\/schema.org\",\"@graph\":[{\"@type\":\"WebSite\",\"@id\":\"https:\/\/www.neige-locations.fr\/#website\",\"url\":\"https:\/\/www.neige-locations.fr\/\",\"name\":\"Neige-Locations\",\"description\":\"Des locations aux pieds des pistes aux Saisies\",\"potentialAction\":[{\"@type\":\"SearchAction\",\"target\":{\"@type\":\"EntryPoint\",\"urlTemplate\":\"https:\/\/www.neige-locations.fr\/?s={search_term_string}\"},\"query-input\":\"required name=search_term_string\"}],\"inLanguage\":\"fr-FR\"},{\"@type\":\"ImageObject\",\"@id\":\"https:\/\/www.neige-locations.fr\/?page_id=49#primaryimage\",\"inLanguage\":\"fr-FR\",\"url\":\"http:\/\/www.neige-locations.fr\/wp-content\/uploads\/2022\/01\/20211205_090413-2-1920x1440.jpg\",\"contentUrl\":\"http:\/\/www.neige-locations.fr\/wp-content\/uploads\/2022\/01\/20211205_090413-2-1920x1440.jpg\"},{\"@type\":\"WebPage\",\"@id\":\"https:\/\/www.neige-locations.fr\/?page_id=49#webpage\",\"url\":\"https:\/\/www.neige-locations.fr\/?page_id=49\",\"name\":\"Le Grenier du Tovet - Neige-Locations\",\"isPartOf\":{\"@id\":\"https:\/\/www.neige-locations.fr\/#website\"},\"primaryImageOfPage\":{\"@id\":\"https:\/\/www.neige-locations.fr\/?page_id=49#primaryimage\"},\"datePublished\":\"2020-08-28T15:41:58+00:00\",\"dateModified\":\"2022-03-16T16:00:42+00:00\",\"breadcrumb\":{\"@id\":\"https:\/\/www.neige-locations.fr\/?page_id=49#breadcrumb\"},\"inLanguage\":\"fr-FR\",\"potentialAction\":[{\"@type\":\"ReadAction\",\"target\":[\"https:\/\/www.neige-locations.fr\/?page_id=49\"]}]},{\"@type\":\"BreadcrumbList\",\"@id\":\"https:\/\/www.neige-locations.fr\/?page_id=49#breadcrumb\",\"itemListElement\":[{\"@type\":\"ListItem\",\"position\":1,\"name\":\"Accueil\",\"item\":\"https:\/\/www.neige-locations.fr\/\"},{\"@type\":\"ListItem\",\"position\":2,\"name\":\"Le Grenier du Tovet\"}]}]}<\/script>\n<!-- \/ Yoast SEO plugin. -->","yoast_head_json":{"title":"Le Grenier du Tovet - Neige-Locations","robots":{"index":"index","follow":"follow","max-snippet":"max-snippet:-1","max-image-preview":"max-image-preview:large","max-video-preview":"max-video-preview:-1"},"canonical":"https:\/\/www.neige-locations.fr\/?page_id=49","og_locale":"fr_FR","og_type":"article","og_title":"Le Grenier du Tovet - Neige-Locations","og_description":"Ce chalet est class\u00e9 *** meubl\u00e9 de tourisme et labellis\u00e9 4 Diamants par la station des Saisies. Le chalet a \u00e9t\u00e9 r\u00e9nov\u00e9 \u00e0 l&rsquo;automne 2021....","og_url":"https:\/\/www.neige-locations.fr\/?page_id=49","og_site_name":"Neige-Locations","article_modified_time":"2022-03-16T16:00:42+00:00","og_image":[{"url":"http:\/\/www.neige-locations.fr\/wp-content\/uploads\/2022\/01\/20211205_090413-2-1920x1440.jpg"}],"twitter_card":"summary_large_image","twitter_misc":{"Dur\u00e9e de lecture estim\u00e9e":"2 minutes"},"schema":{"@context":"https:\/\/schema.org","@graph":[{"@type":"WebSite","@id":"https:\/\/www.neige-locations.fr\/#website","url":"https:\/\/www.neige-locations.fr\/","name":"Neige-Locations","description":"Des locations aux pieds des pistes aux Saisies","potentialAction":[{"@type":"SearchAction","target":{"@type":"EntryPoint","urlTemplate":"https:\/\/www.neige-locations.fr\/?s={search_term_string}"},"query-input":"required name=search_term_string"}],"inLanguage":"fr-FR"},{"@type":"ImageObject","@id":"https:\/\/www.neige-locations.fr\/?page_id=49#primaryimage","inLanguage":"fr-FR","url":"http:\/\/www.neige-locations.fr\/wp-content\/uploads\/2022\/01\/20211205_090413-2-1920x1440.jpg","contentUrl":"http:\/\/www.neige-locations.fr\/wp-content\/uploads\/2022\/01\/20211205_090413-2-1920x1440.jpg"},{"@type":"WebPage","@id":"https:\/\/www.neige-locations.fr\/?page_id=49#webpage","url":"https:\/\/www.neige-locations.fr\/?page_id=49","name":"Le Grenier du Tovet - Neige-Locations","isPartOf":{"@id":"https:\/\/www.neige-locations.fr\/#website"},"primaryImageOfPage":{"@id":"https:\/\/www.neige-locations.fr\/?page_id=49#primaryimage"},"datePublished":"2020-08-28T15:41:58+00:00","dateModified":"2022-03-16T16:00:42+00:00","breadcrumb":{"@id":"https:\/\/www.neige-locations.fr\/?page_id=49#breadcrumb"},"inLanguage":"fr-FR","potentialAction":[{"@type":"ReadAction","target":["https:\/\/www.neige-locations.fr\/?page_id=49"]}]},{"@type":"BreadcrumbList","@id":"https:\/\/www.neige-locations.fr\/?page_id=49#breadcrumb","itemListElement":[{"@type":"ListItem","position":1,"name":"Accueil","item":"https:\/\/www.neige-locations.fr\/"},{"@type":"ListItem","position":2,"name":"Le Grenier du Tovet"}]}]}},"_links":{"self":[{"href":"http:\/\/www.neige-locations.fr\/index.php?rest_route=\/wp\/v2\/pages\/49"}],"collection":[{"href":"http:\/\/www.neige-locations.fr\/index.php?rest_route=\/wp\/v2\/pages"}],"about":[{"href":"http:\/\/www.neige-locations.fr\/index.php?rest_route=\/wp\/v2\/types\/page"}],"author":[{"embeddable":true,"href":"http:\/\/www.neige-locations.fr\/index.php?rest_route=\/wp\/v2\/users\/1"}],"replies":[{"embeddable":true,"href":"http:\/\/www.neige-locations.fr\/index.php?rest_route=%2Fwp%2Fv2%2Fcomments&post=49"}],"version-history":[{"count":19,"href":"http:\/\/www.neige-locations.fr\/index.php?rest_route=\/wp\/v2\/pages\/49\/revisions"}],"predecessor-version":[{"id":393,"href":"http:\/\/www.neige-locations.fr\/index.php?rest_route=\/wp\/v2\/pages\/49\/revisions\/393"}],"wp:attachment":[{"href":"http:\/\/www.neige-locations.fr\/index.php?rest_route=%2Fwp%2Fv2%2Fmedia&parent=49"}],"curies":[{"name":"wp","href":"https:\/\/api.w.org\/{rel}","templated":true}]}}